{"id":3678,"date":"2023-08-07T11:27:53","date_gmt":"2023-08-07T09:27:53","guid":{"rendered":"https:\/\/oji.fundacion-sm.ismeduca.com\/sobre-nosotros\/"},"modified":"2023-11-07T15:07:04","modified_gmt":"2023-11-07T13:07:04","slug":"sobre-nos","status":"publish","type":"page","link":"https:\/\/oji.fundacion-sm.ismeduca.com\/pt-br\/sobre-nos\/","title":{"rendered":"Sobre n\u00f3s"},"content":{"rendered":"\t\t<div data-elementor-type=\"wp-page\" data-elementor-id=\"3678\" class=\"elementor elementor-3678 elementor-35\" data-elementor-post-type=\"page\">\n\t\t\t\t\t\t<section class=\"elementor-section elementor-top-section elementor-element elementor-element-d5c496f elementor-section-full_width elementor-section-height-default elementor-section-height-default\" data-id=\"d5c496f\" data-element_type=\"section\">\n\t\t\t\t\t\t<div class=\"elementor-container elementor-column-gap-default\">\n\t\t\t\t\t<div class=\"elementor-column elementor-col-100 elementor-top-column elementor-element elementor-element-664a656\" data-id=\"664a656\" data-element_type=\"column\">\n\t\t\t<div class=\"elementor-widget-wrap elementor-element-populated\">\n\t\t\t\t\t\t<div class=\"elementor-element elementor-element-d8705e1 elementor-widget elementor-widget-bloque-cabecera-menu\" data-id=\"d8705e1\" data-element_type=\"widget\" data-widget_type=\"bloque-cabecera-menu.default\">\n\t\t\t\t<div class=\"elementor-widget-container\">\n\t\t\t\t\t<header class=\"header normal\">\n    <div id=\"sticky_header\" class=\"no-sticky\">\n        <div class=\"container\">\n            <div class=\"row\">\n                <div class=\"col-12 d-flex justify-content-between align-items-center\">\n                    <div class=\"logo \">\n                        <a href=\"https:\/\/oji.fundacion-sm.ismeduca.com\/pt-br\/\" class=\"custom-logo-link\" rel=\"home\"><img fetchpriority=\"high\" decoding=\"async\" width=\"590\" height=\"90\" src=\"https:\/\/oji.fundacion-sm.ismeduca.com\/wp-content\/uploads\/sites\/4\/2023\/11\/oji-logo-portugues.png\" class=\"custom-logo\" alt=\"Observat\u00f3rio da Juventude na Ibero-Am\u00e9rica (OJI)\" srcset=\"https:\/\/oji.fundacion-sm.ismeduca.com\/wp-content\/uploads\/sites\/4\/2023\/11\/oji-logo-portugues.png 590w, https:\/\/oji.fundacion-sm.ismeduca.com\/wp-content\/uploads\/sites\/4\/2023\/11\/oji-logo-portugues-300x46.png 300w\" sizes=\"(max-width: 590px) 100vw, 590px\" \/><\/a>                                            <\/div>\n                    <div class=\"menu-header\">\n                        \n\n                                                <div class=\"btn-header\" id=\"openSearch\" title=\"Buscar\">\n                            <i class=\"far fa-search\"><\/i>\n                            <i class=\"far fa-times hidden\"><\/i>\n                        <\/div>\n                        \n                                                <div id=\"nav-menu\" data-target=\"#main_menu\" data-toggle=\"collapse\" class=\"navbar-toggle openMenu\">\n                          <span><\/span>\n                          <span><\/span>\n                          <span><\/span>\n                          <span><\/span>\n                        <\/div>\n                                            <\/div>\n                                            <!-- MEGAMENU -->\n                        <div class=\"megamenu\">\n                            <div class=\"container\">\n                            <div id=\"cerrarmenu\" class=\"boton-cerrar\"><i class=\"fal fa-times\"><\/i><\/div>\n                            <ul id=\"menu-menu-principal\" class=\"dropdown-menu\" itemscope itemtype=\"http:\/\/www.schema.org\/SiteNavigationElement\"><li  id=\"menu-item-40\" class=\"menu-item menu-item-type-post_type menu-item-object-page menu-item-40 nav-item\"><a itemprop=\"url\" href=\"https:\/\/oji.fundacion-sm.ismeduca.com\/sobre-nosotros\/\" class=\"nav-link\"><span itemprop=\"name\">Sobre nosotros<\/span><\/a><\/li>\n<li  id=\"menu-item-29\" class=\"menu-item menu-item-type-taxonomy menu-item-object-category menu-item-29 nav-item\"><a itemprop=\"url\" href=\"https:\/\/oji.fundacion-sm.ismeduca.com\/category\/descifrando-la-juventud\/\" class=\"nav-link\"><span itemprop=\"name\">Descifrando la juventud<\/span><\/a><\/li>\n<li  id=\"menu-item-30\" class=\"menu-item menu-item-type-taxonomy menu-item-object-category menu-item-30 nav-item\"><a itemprop=\"url\" href=\"https:\/\/oji.fundacion-sm.ismeduca.com\/category\/en-el-foco\/\" class=\"nav-link\"><span itemprop=\"name\">En el foco<\/span><\/a><\/li>\n<li  id=\"menu-item-31\" class=\"menu-item menu-item-type-taxonomy menu-item-object-category menu-item-31 nav-item\"><a itemprop=\"url\" href=\"https:\/\/oji.fundacion-sm.ismeduca.com\/category\/nuestros-estudios\/\" class=\"nav-link\"><span itemprop=\"name\">Nuestros estudios<\/span><\/a><\/li>\n<li  id=\"menu-item-32\" class=\"menu-item menu-item-type-taxonomy menu-item-object-category menu-item-32 nav-item\"><a itemprop=\"url\" href=\"https:\/\/oji.fundacion-sm.ismeduca.com\/category\/otros-estudios\/\" class=\"nav-link\"><span itemprop=\"name\">Otros estudios<\/span><\/a><\/li>\n<li  id=\"menu-item-33\" class=\"menu-item menu-item-type-taxonomy menu-item-object-category menu-item-33 nav-item\"><a itemprop=\"url\" href=\"https:\/\/oji.fundacion-sm.ismeduca.com\/category\/videoteca\/\" class=\"nav-link\"><span itemprop=\"name\">Videoteca<\/span><\/a><\/li>\n<li  id=\"menu-item-34\" class=\"menu-item menu-item-type-taxonomy menu-item-object-category menu-item-34 nav-item\"><a itemprop=\"url\" href=\"https:\/\/oji.fundacion-sm.ismeduca.com\/category\/actualidad\/\" class=\"nav-link\"><span itemprop=\"name\">Actualidad<\/span><\/a><\/li>\n<li  id=\"menu-item-39\" class=\"menu-item menu-item-type-post_type menu-item-object-page menu-item-39 nav-item\"><a itemprop=\"url\" href=\"https:\/\/oji.fundacion-sm.ismeduca.com\/contacto\/\" class=\"nav-link\"><span itemprop=\"name\">Contacto<\/span><\/a><\/li>\n<li  id=\"menu-item-wpml-ls-20-es\" class=\"menu-item wpml-ls-slot-20 wpml-ls-item wpml-ls-item-es wpml-ls-menu-item wpml-ls-first-item wpml-ls-last-item menu-item-type-wpml_ls_menu_item menu-item-object-wpml_ls_menu_item menu-item-wpml-ls-20-es nav-item\"><a title=\"Mudar para Espa\u00f1ol\" itemprop=\"url\" href=\"https:\/\/oji.fundacion-sm.ismeduca.com\/\" class=\"nav-link\" aria-label=\"Mudar para Espa\u00f1ol\" role=\"menuitem\"><span itemprop=\"name\"><span class=\"wpml-ls-native\" lang=\"es\">Espa\u00f1ol<\/span><\/span><\/a><\/li>\n<\/ul>                            <\/div>\n                        <\/div>\n                                    <\/div>\n            <\/div>    \n        <\/div>\n                <div class=\"buscador-modal\">\n            <div class=\"container\">\n                <form action=\"https:\/\/oji.fundacion-sm.ismeduca.com\/pt-br\/\" method=\"get\">\n                    <div class=\"input-group\">\n                      <input type=\"text\" name=\"s\" id=\"s\" class=\"form-control\" placeholder=\"O que voc\u00ea est\u00e1 buscando?\">\n                      <div class=\"input-group-append\">\n                        <button class=\"btn btn-outline-secondary\" type=\"submit\" title=\"Procurar\" aria-label=\"Procurar\"><i class=\"far fa-search\"><\/i><\/button>\n                      <\/div>\n                    <\/div>\n                <\/form>\n            <\/div>\n        <\/div>\n            <\/div>\n<\/header>\t\t\t\t<\/div>\n\t\t\t\t<\/div>\n\t\t\t\t<div class=\"elementor-element elementor-element-e9cbaf0 elementor-widget elementor-widget-bloque-cabecera-imagen\" data-id=\"e9cbaf0\" data-element_type=\"widget\" data-widget_type=\"bloque-cabecera-imagen.default\">\n\t\t\t\t<div class=\"elementor-widget-container\">\n\t\t\t\t\t<!-- Cabecera con imagen -->\n<div class=\"ruta-de-migas\">\n    <div class=\"container\">\n            <div data-aos=\"fade-right\" data-aos-duration=\"700\"><ol class=\"breadcrumb\"><li><a href=\"https:\/\/oji.fundacion-sm.ismeduca.com\/pt-br\/\">Home<\/a><\/li><\/ol><\/div>        <\/div>\n<\/div>\n<section data-aos=\"fade-right\" data-aos-duration=\"700\" class=\"bloque bloque-encabezado-pagina \">\n    <div class=\"container\">\n        <div class=\"row justify-content-center\">\n            <div class=\"col-12 col-lg-10\">\n                <div class=\"row align-items-center\">\n                    <div class=\"col-12 col-sm-6\">\n                        <div class=\"datos\">\n                            <h1 class=\"titulos\">Sobre o Observat\u00f3rio da Juventude na Iberoam\u00e9rica<\/h1>                                                    <\/div>\n                    <\/div>\n                    <div class=\"col-12 col-sm-6\">\n                        <div class=\"imagen imagen-100\"><img decoding=\"async\" src=\"https:\/\/oji.fundacion-sm.ismeduca.com\/wp-content\/uploads\/sites\/4\/2023\/10\/imagen-encabezado-sobre-nosotros.jpg\" class=\"img-fluid\" alt=\"Sobre o Observat\u00f3rio da Juventude na Iberoam\u00e9rica\"><div class=\"gradient\"><\/div><\/div>\n                    <\/div>\n                <\/div>\n            <\/div>\n        <\/div>\n    <\/div>\n<\/section>\t\t\t\t<\/div>\n\t\t\t\t<\/div>\n\t\t\t\t<div class=\"elementor-element elementor-element-2adc419 elementor-widget elementor-widget-bloque-texto\" data-id=\"2adc419\" data-element_type=\"widget\" data-widget_type=\"bloque-texto.default\">\n\t\t\t\t<div class=\"elementor-widget-container\">\n\t\t\t\t\t<!-- Texto -->\n<section class=\"bloque bloque-texto  \">\n    <div class=\"container\">\n                <div class=\"row\">\n            <div class=\"col-12 col-lg-5 offset-lg-1\">\n                <h2 class=\"titulos\" data-aos=\"fade-left\" data-aos-duration=\"700\">Por que um Observat\u00f3rio da Juventude na Iberoam\u00e9rica?<\/h2>            <\/div>\n        <\/div>\n                <div class=\"row\">\n            <div class=\"col-12 col-lg-8 offset-lg-3\">\n                <div class=\"the_content\" data-aos=\"fade-up\" data-aos-duration=\"700\">\n                                        <p>O <strong>Observat\u00f3rio da Juventude na Iberoam\u00e9rica (OJI)<\/strong> \u00e9 um programa da <a href=\"https:\/\/br.fundacion-sm.ismeduca.com\/\" target=\"_blank\" rel=\"noopener\">Funda\u00e7\u00e3o SM<\/a> para fomentar a pesquisa sobre juventude, educa\u00e7\u00e3o e cultura no espa\u00e7o ibero-americano. Historicamente, a Funda\u00e7\u00e3o SM conta com uma longa trajet\u00f3ria realizando relat\u00f3rios e pesquisas sociais voltadas para a melhor compreens\u00e3o da realidade, do contexto e da vis\u00e3o juvenil.<\/p>\n<p>Entendemos que os jovens representam um importante ativo social para configurar o futuro da Iberoam\u00e9rica. A Funda\u00e7\u00e3o SM deseja continuar incentivando o <strong>conhecimento dos jovens<\/strong> em todo o territ\u00f3rio ibero-americano para <strong>poder realizar diagn\u00f3sticos, antecipar an\u00e1lises e estabelecer prioridades de atua\u00e7\u00e3o<\/strong>. Pensamos que o estudo social \u00e9 uma ferramenta de primeira magnitude para ajudar na tomada de decis\u00f5es, na mudan\u00e7a e melhoria das condi\u00e7\u00f5es e estruturas sociais existentes, com o objetivo de garantir o exerc\u00edcio efetivo do <strong>direito humano ao desenvolvimento pessoal de todos os jovens na Iberoam\u00e9rica<\/strong>.<\/p>\n                <\/div>\n            <\/div>\n        <\/div>\n    <\/div>\n<\/section>\t\t\t\t<\/div>\n\t\t\t\t<\/div>\n\t\t\t\t<div class=\"elementor-element elementor-element-3587537 elementor-widget elementor-widget-bloque-cita\" data-id=\"3587537\" data-element_type=\"widget\" data-widget_type=\"bloque-cita.default\">\n\t\t\t\t<div class=\"elementor-widget-container\">\n\t\t\t\t\t<!-- Cita   -->\n<section class=\"bloque bloque-quotes \">\n    <div class=\"container\">\n        <div class=\"row\">\n            <div class=\"col-12 col-lg-8 offset-lg-1\">\n                <figure data-aos=\"fade-left\" data-aos-duration=\"700\">\n                    <blockquote class=\"blockquote \">\n                                                <q class=\"titulos\">Queremos ser um elo entre diferentes observat\u00f3rios e estudos sobre a juventude na Iberoam\u00e9rica.<\/q>\n                    <\/blockquote>\n                                                        <\/figure>\n            <\/div>\n        <\/div>\n    <\/div>\n<\/section>\t\t\t\t<\/div>\n\t\t\t\t<\/div>\n\t\t\t\t<div class=\"elementor-element elementor-element-42ccbaf elementor-widget elementor-widget-bloque-texto\" data-id=\"42ccbaf\" data-element_type=\"widget\" data-widget_type=\"bloque-texto.default\">\n\t\t\t\t<div class=\"elementor-widget-container\">\n\t\t\t\t\t<!-- Texto -->\n<section class=\"bloque bloque-texto  \">\n    <div class=\"container\">\n                <div class=\"row\">\n            <div class=\"col-12 col-lg-8 offset-lg-3\">\n                <div class=\"the_content\" data-aos=\"fade-up\" data-aos-duration=\"700\">\n                                        <p>Estando presente no Brasil, no Chile, no Equador, na Espanha, no M\u00e9xico, em Porto Rico e na Rep\u00fablica Dominicana, a Funda\u00e7\u00e3o SM trabalha ou colabora com distintas institui\u00e7\u00f5es e organiza\u00e7\u00f5es locais e globais a fim de conhecer a realidade da sociedade e da educa\u00e7\u00e3o dos pa\u00edses onde se encontra. Nesse sentido, o Observat\u00f3rio da Juventude na Iberoam\u00e9rica nasce com a voca\u00e7\u00e3o de <strong>agrupar conhecimento, ser uma refer\u00eancia, um elo entre diferentes observat\u00f3rios e estudos sobre juventude<\/strong>.<\/p>\n                <\/div>\n            <\/div>\n        <\/div>\n    <\/div>\n<\/section>\t\t\t\t<\/div>\n\t\t\t\t<\/div>\n\t\t\t\t<div class=\"elementor-element elementor-element-d8181a2 elementor-widget elementor-widget-bloque-imagen-centrada\" data-id=\"d8181a2\" data-element_type=\"widget\" data-widget_type=\"bloque-imagen-centrada.default\">\n\t\t\t\t<div class=\"elementor-widget-container\">\n\t\t\t\t\t<!-- Bloque contenidos: Imagen bloque-imagen-centrada -->\n<section class=\"bloque bloque-titulos mb-0\" data-aos=\"fade-right\" data-aos-delay=\"800\" data-aos-duration=\"1200\">\n        <div class=\"container\">\n                    <\/div>\n<\/section>\n<section class=\"bloque bloquecdmmglhfhz bloque-imagen-centrada  \" data-aos=\"fade-right\" data-aos-delay=\"800\" data-aos-duration=\"1200\">\n    <div class=\"container\">\n                    <div class=\"row justify-content-center\">\n                <div class=\"col-12 col-lg-10\">\n                    <figure class=\"figure imagen2 imagen-centrada\">\n                        <div class=\"image\">\n                                                        <img decoding=\"async\" src=\"https:\/\/oji.fundacion-sm.ismeduca.com\/wp-content\/uploads\/sites\/4\/2023\/10\/img-sobre-nosotros-1.jpg\" class=\"figure-img img-fluid \" alt=\"\">\n                                                        <\/a>\n                            \n                                                    <\/div>\n                    <\/figure>\n                <\/div>\n            <\/div>\n        <\/div>\n    <\/section>\t\t\t\t<\/div>\n\t\t\t\t<\/div>\n\t\t\t\t<div class=\"elementor-element elementor-element-5da7c92 elementor-widget elementor-widget-bloque-texto-imagen\" data-id=\"5da7c92\" data-element_type=\"widget\" data-widget_type=\"bloque-texto-imagen.default\">\n\t\t\t\t<div class=\"elementor-widget-container\">\n\t\t\t\t\t<!-- Texto + Imagen -->\n<section class=\"bloque bloque-texto-con-imagen derecha  \">\n    <div class=\"container\">\n        <div class=\"row align-items-center gx-4 gx-lg-5\">\n            <div class=\"col-12 col-md-6 order-sm-1\">\n                 <figure class=\"figure\">\n                    <div class=\"image\" data-aos=\"fade\" data-aos-delay=\"600\" data-aos-duration=\"800\"><img decoding=\"async\" src=\"https:\/\/oji.fundacion-sm.ismeduca.com\/wp-content\/uploads\/sites\/4\/2023\/10\/img-sobre-nosotros-2-890x560.jpg\" class=\"img-fluid\" alt=\"Funda\u00e7\u00e3o SM: que nenhuma menina e nenhum menino sejam deixados para tr\u00e1s\"><\/div>\n                                    <\/figure>\n            <\/div>\n            <div class=\"col-12 col-md-6 imagen-texto order-sm-2\">\n                <h2 class=\"titulos\" data-aos=\"fade-left\" data-aos-duration=\"700\">Funda\u00e7\u00e3o SM: que nenhuma menina e nenhum menino sejam deixados para tr\u00e1s<\/h2>                <div class=\"the_content\" data-aos=\"fade-up\" data-aos-duration=\"700\"><p>A Funda\u00e7\u00e3o SM \u00e9 uma institui\u00e7\u00e3o educacional sem fins lucrativos que trabalha para que, atrav\u00e9s da educa\u00e7\u00e3o e da cultura, nenhuma menina e nenhum menino sejam deixados para tr\u00e1s. Concentramos todas as nossas iniciativas na <strong>melhoria da equidade e da qualidade educacional<\/strong>.<\/p>\n<p>Assumimos este compromisso e os desafios subjacentes \u00e0 nossa miss\u00e3o, proporcionando um projeto educativo que responde a tr\u00eas desafios estrat\u00e9gicos: <strong>a equidade educativa, a Educa\u00e7\u00e3o para a Cidadania Global e a promo\u00e7\u00e3o da leitura<\/strong>.<\/p>\n<p><strong>A pesquisa educacional<\/strong>, a par da forma\u00e7\u00e3o de professores, da alfabetiza\u00e7\u00e3o integral e da interven\u00e7\u00e3o socioeducativa representam as quatro \u00e1reas de interven\u00e7\u00e3o da Funda\u00e7\u00e3o SM.<\/p>\n<p><a href=\"https:\/\/br.fundacion-sm.ismeduca.com\/\" target=\"_blank\" rel=\"noopener\">Acesse a Funda\u00e7\u00e3o SM<\/a><\/p>\n<\/div>\n            <\/div>\n        <\/div>\n    <\/div>\n<\/section>\t\t\t\t<\/div>\n\t\t\t\t<\/div>\n\t\t\t\t<div class=\"elementor-element elementor-element-2ef9fae elementor-widget elementor-widget-bloque-paginas-relacionadas\" data-id=\"2ef9fae\" data-element_type=\"widget\" data-widget_type=\"bloque-paginas-relacionadas.default\">\n\t\t\t\t<div class=\"elementor-widget-container\">\n\t\t\t\t\t<!-- Relacionados: P\u00e1ginas relacionadas  -->\n<section class=\"bloque relacionados relacionados-paginas \">\n        <div class=\"container\">\n                <div class=\"row\">\n        <div class=\"col-12 col-lg-5 offset-lg-1\">\n            <h2 class=\"titulos\" data-aos=\"fade-left\" data-aos-duration=\"700\">Voc\u00ea pode gostar...<\/h2>            <\/div>\n        <\/div>\n                            <div class=\"row justify-content-md-center\">\n                <div class=\"col-12 col-lg-10\">\n                    <div class=\"row gx-4 gx-lg-5\">\n                                        <div class=\"col-12 col-md-6 d-flex align-items-stretch\" data-aos=\"fade-up\" data-aos-duration=\"700\">\n                            <a href=\"https:\/\/oji.fundacion-sm.ismeduca.com\/pt-br\/category\/decifrando-a-juventude\/\" class=\"pagina white\" title=\"Decifrando a juventude\" >\n                                <div class=\"image\">\n\n                                                                            <img decoding=\"async\" src=\"https:\/\/oji.fundacion-sm.ismeduca.com\/wp-content\/uploads\/sites\/4\/2023\/10\/destacada-descifrando.png\" class=\"img-fluid\" alt=\"Decifrando a juventude\">\n                                                                        <\/div>\n                                <div class=\"datos\">\n                                    <h3 class=\"subtitulos\">Decifrando a juventude<\/h3>\n                                    <div class=\"texto\"><\/div>\n                                <\/div>\n                            <\/a>\n                        <\/div>                         <div class=\"col-12 col-md-6 d-flex align-items-stretch\" data-aos=\"fade-up\" data-aos-duration=\"700\">\n                            <a href=\"https:\/\/oji.fundacion-sm.ismeduca.com\/pt-br\/category\/em-foco\/\" class=\"pagina white\" title=\"Em foco\" >\n                                <div class=\"image\">\n\n                                                                            <img decoding=\"async\" src=\"https:\/\/oji.fundacion-sm.ismeduca.com\/wp-content\/uploads\/sites\/4\/2023\/10\/destacada-en-el-foco.png\" class=\"img-fluid\" alt=\"Em foco\">\n                                                                        <\/div>\n                                <div class=\"datos\">\n                                    <h3 class=\"subtitulos\">Em foco<\/h3>\n                                    <div class=\"texto\"><\/div>\n                                <\/div>\n                            <\/a>\n                        <\/div>                 <\/div>\n    <\/div>\n            <\/div>\n        <\/div>\n<\/section>\t\t\t\t<\/div>\n\t\t\t\t<\/div>\n\t\t\t\t<div class=\"elementor-element elementor-element-9ad2bcb elementor-widget elementor-widget-bloque-publicaciones\" data-id=\"9ad2bcb\" data-element_type=\"widget\" data-widget_type=\"bloque-publicaciones.default\">\n\t\t\t\t<div class=\"elementor-widget-container\">\n\t\t\t\t\t<!-- Publicaciones -->\n<section class=\"bloque bloque-publicaciones-listado diseno-nuestros-estudios \">\n    <div class=\"container noticia-destacada\">\n        <div class=\"row titulo-con-enlace\">\n            <div class=\"col-12\">\n                <h2 class=\"titulos\" data-aos=\"fade-left\" data-aos-duration=\"700\">Nuestros estudios<\/h2>                                <a href=\"https:\/\/oji.fundacion-sm.ismeduca.com\/pt-br\/category\/nossos-estudos\/\" data-aos=\"fade-right\" data-aos-duration=\"700\" class=\"enlace btn-arrow\" title=\"Ver mais\"><span>Ver mais<\/span><\/a>\n                            <\/div>\n        <\/div>\n        <div class=\"background \">\n            <div class=\"row justify-content-center gy-4 gy-lg-5\">\n                <div class=\"col-12 col-lg-10\">\n                    <div class=\"listado row gy-4 gy-lg-5\">\n                                                                    <div class=\"col-12\" data-aos=\"fade-up\" data-aos-delay=\"200\" data-aos-duration=\"700\">\n                                        <a class=\"publicacion destacada\" href=\"https:\/\/oji.fundacion-sm.ismeduca.com\/pt-br\/nossos-estudos\/pesquisa-juventudes-no-brasil-2021\/\">\n    <div class=\"row align-items-center\">\n        <div class=\"col-12 col-sm-4\">\n            <div class=\"imagen\">\n                <span>\n                <img decoding=\"async\" width=\"290\" height=\"410\" src=\"https:\/\/oji.fundacion-sm.ismeduca.com\/wp-content\/uploads\/sites\/4\/2023\/10\/jovenes-brasil-2021.png\" class=\"img-fluid wp-post-image\" alt=\"\" srcset=\"https:\/\/oji.fundacion-sm.ismeduca.com\/wp-content\/uploads\/sites\/4\/2023\/10\/jovenes-brasil-2021.png 290w, https:\/\/oji.fundacion-sm.ismeduca.com\/wp-content\/uploads\/sites\/4\/2023\/10\/jovenes-brasil-2021-212x300.png 212w\" sizes=\"(max-width: 290px) 100vw, 290px\" \/>                <\/span>\n            <\/div>\n        <\/div>\n        <div class=\"col-12 col-sm-8\">\n            <div class=\"datos\">\n                <h3 class=\"subtitulos\">Pesquisa Juventudes no Brasil<\/h3>\n                <div class=\"autor\">Coordena\u00e7\u00e3o: Paulo Cesar Rodrigues Carrano<\/div>            <\/div>\n        <\/div>\n    <\/div>\n<\/a>                                        <\/div>\n                                                                            <div class=\"col-12 col-sm-6\" data-aos=\"fade-up\" data-aos-delay=\"500\" data-aos-duration=\"700\">\n                                        <a class=\"publicacion \" href=\"https:\/\/oji.fundacion-sm.ismeduca.com\/pt-br\/nossos-estudos\/diferencas-de-genero-no-uso-do-tempo-pela-juventude-ibero-americana\/\">\n    <div class=\"row align-items-end\">\n        <div class=\"col-5 align-self-start\">\n            <div class=\"imagen\">\n                <span>\n                <img decoding=\"async\" width=\"290\" height=\"410\" src=\"https:\/\/oji.fundacion-sm.ismeduca.com\/wp-content\/uploads\/sites\/4\/2023\/10\/portada-diferencias-genero.jpg\" class=\"img-fluid wp-post-image\" alt=\"\" srcset=\"https:\/\/oji.fundacion-sm.ismeduca.com\/wp-content\/uploads\/sites\/4\/2023\/10\/portada-diferencias-genero.jpg 290w, https:\/\/oji.fundacion-sm.ismeduca.com\/wp-content\/uploads\/sites\/4\/2023\/10\/portada-diferencias-genero-212x300.jpg 212w\" sizes=\"(max-width: 290px) 100vw, 290px\" \/>                <\/span>\n            <\/div>\n        <\/div>\n        <div class=\"col-7\">\n            <div class=\"datos\">\n                <h3 class=\"subtitulos\">Diferen\u00e7as de G\u00eanero no Uso do Tempo pela Juventude Ibero-Americana<\/h3>\n                <div class=\"autor\">Patricio Olivera, Jorge Cadenasso<\/div>            <\/div>\n        <\/div>\n    <\/div>\n<\/a>                                        <\/div>\n                                                                            <div class=\"col-12 col-sm-6\" data-aos=\"fade-up\" data-aos-delay=\"800\" data-aos-duration=\"700\">\n                                        <a class=\"publicacion \" href=\"https:\/\/oji.fundacion-sm.ismeduca.com\/pt-br\/nossos-estudos\/identidades-juvenis-e-atitudes-em-torno-da-discriminacao-e-da-tolerancia\/\">\n    <div class=\"row align-items-end\">\n        <div class=\"col-5 align-self-start\">\n            <div class=\"imagen\">\n                <span>\n                <img loading=\"lazy\" decoding=\"async\" width=\"290\" height=\"410\" src=\"https:\/\/oji.fundacion-sm.ismeduca.com\/wp-content\/uploads\/sites\/4\/2023\/10\/portada-identidades-juveniles.jpg\" class=\"img-fluid wp-post-image\" alt=\"\" srcset=\"https:\/\/oji.fundacion-sm.ismeduca.com\/wp-content\/uploads\/sites\/4\/2023\/10\/portada-identidades-juveniles.jpg 290w, https:\/\/oji.fundacion-sm.ismeduca.com\/wp-content\/uploads\/sites\/4\/2023\/10\/portada-identidades-juveniles-212x300.jpg 212w\" sizes=\"(max-width: 290px) 100vw, 290px\" \/>                <\/span>\n            <\/div>\n        <\/div>\n        <div class=\"col-7\">\n            <div class=\"datos\">\n                <h3 class=\"subtitulos\">Identidades juvenis e atitudes em torno da discrimina\u00e7\u00e3o e da toler\u00e2ncia<\/h3>\n                <div class=\"autor\">Patricio Olivera, Daniel Valencia<\/div>            <\/div>\n        <\/div>\n    <\/div>\n<\/a>                                        <\/div>\n                                                        <\/div>\n                <\/div>\n            <\/div>\n        <\/div>\n    <\/div>\n<\/section>\t\t\t\t<\/div>\n\t\t\t\t<\/div>\n\t\t\t\t\t<\/div>\n\t\t<\/div>\n\t\t\t\t\t<\/div>\n\t\t<\/section>\n\t\t\t\t<\/div>\n\t\t","protected":false},"excerpt":{"rendered":"<p>Sobre nosotros Decifrando a juventude Em foco Nossos estudos Outros estudos Biblioteca de v\u00eddeos Not\u00edcias Contacto Home Sobre o Observat\u00f3rio da Juventude na Iberoam\u00e9rica Por que um Observat\u00f3rio da Juventude na Iberoam\u00e9rica? O Observat\u00f3rio da Juventude na Iberoam\u00e9rica (OJI) \u00e9 um programa da Funda\u00e7\u00e3o SM para fomentar a pesquisa sobre juventude, educa\u00e7\u00e3o e cultura no [&hellip;]<\/p>\n","protected":false},"author":1,"featured_media":244,"parent":0,"menu_order":1,"comment_status":"closed","ping_status":"closed","template":"","meta":{"_acf_changed":false,"footnotes":""},"class_list":["post-3678","page","type-page","status-publish","has-post-thumbnail","hentry"],"acf":[],"yoast_head":"<!-- This site is optimized with the Yoast SEO plugin v26.7 - https:\/\/yoast.com\/wordpress\/plugins\/seo\/ -->\n<title>Sobre n\u00f3s - Observat\u00f3rio da Juventude na Ibero-Am\u00e9rica (OJI)<\/title>\n<meta name=\"description\" content=\"O Observat\u00f3rio da Juventude na Iberoam\u00e9rica (OJI) \u00e9 um programa da Funda\u00e7\u00e3o SM para fomentar a pesquisa sobre juventude, educa\u00e7\u00e3o e cultura no espa\u00e7o ibero-americano. Historicamente, a Funda\u00e7\u00e3o SM conta com uma longa trajet\u00f3ria realizando relat\u00f3rios e pesquisas sociais voltadas para a melhor compreens\u00e3o da realidade, do contexto e da vis\u00e3o juvenil.\" \/>\n<meta name=\"robots\" content=\"index, follow, max-snippet:-1, max-image-preview:large, max-video-preview:-1\" \/>\n<link rel=\"canonical\" href=\"https:\/\/oji.fundacion-sm.ismeduca.com\/pt-br\/sobre-nos\/\" \/>\n<meta property=\"og:locale\" content=\"pt_BR\" \/>\n<meta property=\"og:type\" content=\"article\" \/>\n<meta property=\"og:title\" content=\"Sobre n\u00f3s - Observat\u00f3rio da Juventude na Ibero-Am\u00e9rica (OJI)\" \/>\n<meta property=\"og:description\" content=\"O Observat\u00f3rio da Juventude na Iberoam\u00e9rica (OJI) \u00e9 um programa da Funda\u00e7\u00e3o SM para fomentar a pesquisa sobre juventude, educa\u00e7\u00e3o e cultura no espa\u00e7o ibero-americano. Historicamente, a Funda\u00e7\u00e3o SM conta com uma longa trajet\u00f3ria realizando relat\u00f3rios e pesquisas sociais voltadas para a melhor compreens\u00e3o da realidade, do contexto e da vis\u00e3o juvenil.\" \/>\n<meta property=\"og:url\" content=\"https:\/\/oji.fundacion-sm.ismeduca.com\/pt-br\/sobre-nos\/\" \/>\n<meta property=\"og:site_name\" content=\"Observat\u00f3rio da Juventude na Ibero-Am\u00e9rica (OJI)\" \/>\n<meta property=\"article:modified_time\" content=\"2023-11-07T13:07:04+00:00\" \/>\n<meta property=\"og:image\" content=\"https:\/\/oji.fundacion-sm.ismeduca.com\/wp-content\/uploads\/sites\/4\/2023\/10\/imagen-generica-1.jpg\" \/>\n\t<meta property=\"og:image:width\" content=\"600\" \/>\n\t<meta property=\"og:image:height\" content=\"600\" \/>\n\t<meta property=\"og:image:type\" content=\"image\/jpeg\" \/>\n<meta name=\"twitter:card\" content=\"summary_large_image\" \/>\n<meta name=\"twitter:label1\" content=\"Est. tempo de leitura\" \/>\n\t<meta name=\"twitter:data1\" content=\"5 minutos\" \/>\n<script type=\"application\/ld+json\" class=\"yoast-schema-graph\">{\"@context\":\"https:\/\/schema.org\",\"@graph\":[{\"@type\":\"WebPage\",\"@id\":\"https:\/\/oji.fundacion-sm.ismeduca.com\/pt-br\/sobre-nos\/\",\"url\":\"https:\/\/oji.fundacion-sm.ismeduca.com\/pt-br\/sobre-nos\/\",\"name\":\"Sobre n\u00f3s - Observat\u00f3rio da Juventude na Ibero-Am\u00e9rica (OJI)\",\"isPartOf\":{\"@id\":\"https:\/\/oji.fundacion-sm.ismeduca.com\/pt-br\/#website\"},\"primaryImageOfPage\":{\"@id\":\"https:\/\/oji.fundacion-sm.ismeduca.com\/pt-br\/sobre-nos\/#primaryimage\"},\"image\":{\"@id\":\"https:\/\/oji.fundacion-sm.ismeduca.com\/pt-br\/sobre-nos\/#primaryimage\"},\"thumbnailUrl\":\"https:\/\/oji.fundacion-sm.ismeduca.com\/wp-content\/uploads\/sites\/4\/2023\/10\/imagen-generica-1.jpg\",\"datePublished\":\"2023-08-07T09:27:53+00:00\",\"dateModified\":\"2023-11-07T13:07:04+00:00\",\"description\":\"O Observat\u00f3rio da Juventude na Iberoam\u00e9rica (OJI) \u00e9 um programa da Funda\u00e7\u00e3o SM para fomentar a pesquisa sobre juventude, educa\u00e7\u00e3o e cultura no espa\u00e7o ibero-americano. Historicamente, a Funda\u00e7\u00e3o SM conta com uma longa trajet\u00f3ria realizando relat\u00f3rios e pesquisas sociais voltadas para a melhor compreens\u00e3o da realidade, do contexto e da vis\u00e3o juvenil.\",\"breadcrumb\":{\"@id\":\"https:\/\/oji.fundacion-sm.ismeduca.com\/pt-br\/sobre-nos\/#breadcrumb\"},\"inLanguage\":\"pt-BR\",\"potentialAction\":[{\"@type\":\"ReadAction\",\"target\":[\"https:\/\/oji.fundacion-sm.ismeduca.com\/pt-br\/sobre-nos\/\"]}]},{\"@type\":\"ImageObject\",\"inLanguage\":\"pt-BR\",\"@id\":\"https:\/\/oji.fundacion-sm.ismeduca.com\/pt-br\/sobre-nos\/#primaryimage\",\"url\":\"https:\/\/oji.fundacion-sm.ismeduca.com\/wp-content\/uploads\/sites\/4\/2023\/10\/imagen-generica-1.jpg\",\"contentUrl\":\"https:\/\/oji.fundacion-sm.ismeduca.com\/wp-content\/uploads\/sites\/4\/2023\/10\/imagen-generica-1.jpg\",\"width\":600,\"height\":600},{\"@type\":\"BreadcrumbList\",\"@id\":\"https:\/\/oji.fundacion-sm.ismeduca.com\/pt-br\/sobre-nos\/#breadcrumb\",\"itemListElement\":[{\"@type\":\"ListItem\",\"position\":1,\"name\":\"Home\",\"item\":\"https:\/\/oji.fundacion-sm.ismeduca.com\/pt-br\/\"},{\"@type\":\"ListItem\",\"position\":2,\"name\":\"Sobre n\u00f3s\"}]},{\"@type\":\"WebSite\",\"@id\":\"https:\/\/oji.fundacion-sm.ismeduca.com\/pt-br\/#website\",\"url\":\"https:\/\/oji.fundacion-sm.ismeduca.com\/pt-br\/\",\"name\":\"Observat\u00f3rio da Juventude na Ibero-Am\u00e9rica (OJI)\",\"description\":\"Somos un programa de la Fundaci\u00f3n SM con vocaci\u00f3n de agrupar conocimiento, ser un lugar de referencia y servir de nexo de uni\u00f3n entre distintos observatorios y estudios sobre juventud e Iberoam\u00e9rica.\",\"publisher\":{\"@id\":\"https:\/\/oji.fundacion-sm.ismeduca.com\/pt-br\/#organization\"},\"potentialAction\":[{\"@type\":\"SearchAction\",\"target\":{\"@type\":\"EntryPoint\",\"urlTemplate\":\"https:\/\/oji.fundacion-sm.ismeduca.com\/pt-br\/?s={search_term_string}\"},\"query-input\":{\"@type\":\"PropertyValueSpecification\",\"valueRequired\":true,\"valueName\":\"search_term_string\"}}],\"inLanguage\":\"pt-BR\"},{\"@type\":\"Organization\",\"@id\":\"https:\/\/oji.fundacion-sm.ismeduca.com\/pt-br\/#organization\",\"name\":\"Observat\u00f3rio da Juventude na Ibero-Am\u00e9rica (OJI)\",\"url\":\"https:\/\/oji.fundacion-sm.ismeduca.com\/pt-br\/\",\"logo\":{\"@type\":\"ImageObject\",\"inLanguage\":\"pt-BR\",\"@id\":\"https:\/\/oji.fundacion-sm.ismeduca.com\/pt-br\/#\/schema\/logo\/image\/\",\"url\":\"https:\/\/oji.fundacion-sm.ismeduca.com\/wp-content\/uploads\/sites\/4\/2023\/11\/oji-logo-portugues.png\",\"contentUrl\":\"https:\/\/oji.fundacion-sm.ismeduca.com\/wp-content\/uploads\/sites\/4\/2023\/11\/oji-logo-portugues.png\",\"width\":590,\"height\":90,\"caption\":\"Observat\u00f3rio da Juventude na Ibero-Am\u00e9rica (OJI)\"},\"image\":{\"@id\":\"https:\/\/oji.fundacion-sm.ismeduca.com\/pt-br\/#\/schema\/logo\/image\/\"}}]}<\/script>\n<!-- \/ Yoast SEO plugin. -->","yoast_head_json":{"title":"Sobre n\u00f3s - Observat\u00f3rio da Juventude na Ibero-Am\u00e9rica (OJI)","description":"O Observat\u00f3rio da Juventude na Iberoam\u00e9rica (OJI) \u00e9 um programa da Funda\u00e7\u00e3o SM para fomentar a pesquisa sobre juventude, educa\u00e7\u00e3o e cultura no espa\u00e7o ibero-americano. Historicamente, a Funda\u00e7\u00e3o SM conta com uma longa trajet\u00f3ria realizando relat\u00f3rios e pesquisas sociais voltadas para a melhor compreens\u00e3o da realidade, do contexto e da vis\u00e3o juvenil.","robots":{"index":"index","follow":"follow","max-snippet":"max-snippet:-1","max-image-preview":"max-image-preview:large","max-video-preview":"max-video-preview:-1"},"canonical":"https:\/\/oji.fundacion-sm.ismeduca.com\/pt-br\/sobre-nos\/","og_locale":"pt_BR","og_type":"article","og_title":"Sobre n\u00f3s - Observat\u00f3rio da Juventude na Ibero-Am\u00e9rica (OJI)","og_description":"O Observat\u00f3rio da Juventude na Iberoam\u00e9rica (OJI) \u00e9 um programa da Funda\u00e7\u00e3o SM para fomentar a pesquisa sobre juventude, educa\u00e7\u00e3o e cultura no espa\u00e7o ibero-americano. Historicamente, a Funda\u00e7\u00e3o SM conta com uma longa trajet\u00f3ria realizando relat\u00f3rios e pesquisas sociais voltadas para a melhor compreens\u00e3o da realidade, do contexto e da vis\u00e3o juvenil.","og_url":"https:\/\/oji.fundacion-sm.ismeduca.com\/pt-br\/sobre-nos\/","og_site_name":"Observat\u00f3rio da Juventude na Ibero-Am\u00e9rica (OJI)","article_modified_time":"2023-11-07T13:07:04+00:00","og_image":[{"width":600,"height":600,"url":"https:\/\/oji.fundacion-sm.ismeduca.com\/wp-content\/uploads\/sites\/4\/2023\/10\/imagen-generica-1.jpg","type":"image\/jpeg"}],"twitter_card":"summary_large_image","twitter_misc":{"Est. tempo de leitura":"5 minutos"},"schema":{"@context":"https:\/\/schema.org","@graph":[{"@type":"WebPage","@id":"https:\/\/oji.fundacion-sm.ismeduca.com\/pt-br\/sobre-nos\/","url":"https:\/\/oji.fundacion-sm.ismeduca.com\/pt-br\/sobre-nos\/","name":"Sobre n\u00f3s - Observat\u00f3rio da Juventude na Ibero-Am\u00e9rica (OJI)","isPartOf":{"@id":"https:\/\/oji.fundacion-sm.ismeduca.com\/pt-br\/#website"},"primaryImageOfPage":{"@id":"https:\/\/oji.fundacion-sm.ismeduca.com\/pt-br\/sobre-nos\/#primaryimage"},"image":{"@id":"https:\/\/oji.fundacion-sm.ismeduca.com\/pt-br\/sobre-nos\/#primaryimage"},"thumbnailUrl":"https:\/\/oji.fundacion-sm.ismeduca.com\/wp-content\/uploads\/sites\/4\/2023\/10\/imagen-generica-1.jpg","datePublished":"2023-08-07T09:27:53+00:00","dateModified":"2023-11-07T13:07:04+00:00","description":"O Observat\u00f3rio da Juventude na Iberoam\u00e9rica (OJI) \u00e9 um programa da Funda\u00e7\u00e3o SM para fomentar a pesquisa sobre juventude, educa\u00e7\u00e3o e cultura no espa\u00e7o ibero-americano. Historicamente, a Funda\u00e7\u00e3o SM conta com uma longa trajet\u00f3ria realizando relat\u00f3rios e pesquisas sociais voltadas para a melhor compreens\u00e3o da realidade, do contexto e da vis\u00e3o juvenil.","breadcrumb":{"@id":"https:\/\/oji.fundacion-sm.ismeduca.com\/pt-br\/sobre-nos\/#breadcrumb"},"inLanguage":"pt-BR","potentialAction":[{"@type":"ReadAction","target":["https:\/\/oji.fundacion-sm.ismeduca.com\/pt-br\/sobre-nos\/"]}]},{"@type":"ImageObject","inLanguage":"pt-BR","@id":"https:\/\/oji.fundacion-sm.ismeduca.com\/pt-br\/sobre-nos\/#primaryimage","url":"https:\/\/oji.fundacion-sm.ismeduca.com\/wp-content\/uploads\/sites\/4\/2023\/10\/imagen-generica-1.jpg","contentUrl":"https:\/\/oji.fundacion-sm.ismeduca.com\/wp-content\/uploads\/sites\/4\/2023\/10\/imagen-generica-1.jpg","width":600,"height":600},{"@type":"BreadcrumbList","@id":"https:\/\/oji.fundacion-sm.ismeduca.com\/pt-br\/sobre-nos\/#breadcrumb","itemListElement":[{"@type":"ListItem","position":1,"name":"Home","item":"https:\/\/oji.fundacion-sm.ismeduca.com\/pt-br\/"},{"@type":"ListItem","position":2,"name":"Sobre n\u00f3s"}]},{"@type":"WebSite","@id":"https:\/\/oji.fundacion-sm.ismeduca.com\/pt-br\/#website","url":"https:\/\/oji.fundacion-sm.ismeduca.com\/pt-br\/","name":"Observat\u00f3rio da Juventude na Ibero-Am\u00e9rica (OJI)","description":"Somos un programa de la Fundaci\u00f3n SM con vocaci\u00f3n de agrupar conocimiento, ser un lugar de referencia y servir de nexo de uni\u00f3n entre distintos observatorios y estudios sobre juventud e Iberoam\u00e9rica.","publisher":{"@id":"https:\/\/oji.fundacion-sm.ismeduca.com\/pt-br\/#organization"},"potentialAction":[{"@type":"SearchAction","target":{"@type":"EntryPoint","urlTemplate":"https:\/\/oji.fundacion-sm.ismeduca.com\/pt-br\/?s={search_term_string}"},"query-input":{"@type":"PropertyValueSpecification","valueRequired":true,"valueName":"search_term_string"}}],"inLanguage":"pt-BR"},{"@type":"Organization","@id":"https:\/\/oji.fundacion-sm.ismeduca.com\/pt-br\/#organization","name":"Observat\u00f3rio da Juventude na Ibero-Am\u00e9rica (OJI)","url":"https:\/\/oji.fundacion-sm.ismeduca.com\/pt-br\/","logo":{"@type":"ImageObject","inLanguage":"pt-BR","@id":"https:\/\/oji.fundacion-sm.ismeduca.com\/pt-br\/#\/schema\/logo\/image\/","url":"https:\/\/oji.fundacion-sm.ismeduca.com\/wp-content\/uploads\/sites\/4\/2023\/11\/oji-logo-portugues.png","contentUrl":"https:\/\/oji.fundacion-sm.ismeduca.com\/wp-content\/uploads\/sites\/4\/2023\/11\/oji-logo-portugues.png","width":590,"height":90,"caption":"Observat\u00f3rio da Juventude na Ibero-Am\u00e9rica (OJI)"},"image":{"@id":"https:\/\/oji.fundacion-sm.ismeduca.com\/pt-br\/#\/schema\/logo\/image\/"}}]}},"_links":{"self":[{"href":"https:\/\/oji.fundacion-sm.ismeduca.com\/pt-br\/wp-json\/wp\/v2\/pages\/3678","targetHints":{"allow":["GET"]}}],"collection":[{"href":"https:\/\/oji.fundacion-sm.ismeduca.com\/pt-br\/wp-json\/wp\/v2\/pages"}],"about":[{"href":"https:\/\/oji.fundacion-sm.ismeduca.com\/pt-br\/wp-json\/wp\/v2\/types\/page"}],"author":[{"embeddable":true,"href":"https:\/\/oji.fundacion-sm.ismeduca.com\/pt-br\/wp-json\/wp\/v2\/users\/1"}],"replies":[{"embeddable":true,"href":"https:\/\/oji.fundacion-sm.ismeduca.com\/pt-br\/wp-json\/wp\/v2\/comments?post=3678"}],"version-history":[{"count":11,"href":"https:\/\/oji.fundacion-sm.ismeduca.com\/pt-br\/wp-json\/wp\/v2\/pages\/3678\/revisions"}],"predecessor-version":[{"id":3690,"href":"https:\/\/oji.fundacion-sm.ismeduca.com\/pt-br\/wp-json\/wp\/v2\/pages\/3678\/revisions\/3690"}],"wp:featuredmedia":[{"embeddable":true,"href":"https:\/\/oji.fundacion-sm.ismeduca.com\/pt-br\/wp-json\/wp\/v2\/media\/244"}],"wp:attachment":[{"href":"https:\/\/oji.fundacion-sm.ismeduca.com\/pt-br\/wp-json\/wp\/v2\/media?parent=3678"}],"curies":[{"name":"wp","href":"https:\/\/api.w.org\/{rel}","templated":true}]}}